{"id":3,"date":"2023-10-25T08:39:38","date_gmt":"2023-10-25T08:39:38","guid":{"rendered":"https:\/\/aepal.totweb.io\/?page_id=3"},"modified":"2023-10-26T16:12:10","modified_gmt":"2023-10-26T16:12:10","slug":"privacy-policy","status":"publish","type":"page","link":"https:\/\/alats.eu\/?page_id=3","title":{"rendered":"Pol\u00edtica de privacitat"},"content":{"rendered":"\t\t<div data-elementor-type=\"wp-page\" data-elementor-id=\"3\" class=\"elementor elementor-3\" data-elementor-post-type=\"page\">\n\t\t\t\t\t\t\t<div class=\"elementor-element elementor-element-13cb5603 e-flex e-con-boxed e-con e-parent\" data-id=\"13cb5603\" data-element_type=\"container\" data-settings=\"{&quot;content_width&quot;:&quot;boxed&quot;}\" data-core-v316-plus=\"true\">\n\t\t\t\t\t<div class=\"e-con-inner\">\n\t\t<div class=\"elementor-element elementor-element-63903152 e-con-full e-flex e-con e-child\" data-id=\"63903152\" data-element_type=\"container\" data-settings=\"{&quot;content_width&quot;:&quot;full&quot;}\">\n\t\t\t\t<div class=\"elementor-element elementor-element-30c816f elementor-widget elementor-widget-text-editor\" data-id=\"30c816f\" data-element_type=\"widget\" data-widget_type=\"text-editor.default\">\n\t\t\t\t<div class=\"elementor-widget-container\">\n\t\t\t<style>\/*! elementor - v3.18.0 - 20-12-2023 *\/\n.elementor-widget-text-editor.elementor-drop-cap-view-stacked .elementor-drop-cap{background-color:#69727d;color:#fff}.elementor-widget-text-editor.elementor-drop-cap-view-framed .elementor-drop-cap{color:#69727d;border:3px solid;background-color:transparent}.elementor-widget-text-editor:not(.elementor-drop-cap-view-default) .elementor-drop-cap{margin-top:8px}.elementor-widget-text-editor:not(.elementor-drop-cap-view-default) .elementor-drop-cap-letter{width:1em;height:1em}.elementor-widget-text-editor .elementor-drop-cap{float:left;text-align:center;line-height:1;font-size:50px}.elementor-widget-text-editor .elementor-drop-cap-letter{display:inline-block}<\/style>\t\t\t\t<p><span style=\"font-weight: 400;\">A trav\u00e9s del present av\u00eds, Alats Club Esportiu (d&#8217;ara endavant \u201cALATS\u201d), informa els usuaris de la Web www.alats.eu, en compliment del Reglament (UE) 2016\/679 del Parlament Europeu i del Consell, de 27 d&#8217;abril de 2016 (Reglament General de Protecci\u00f3 de Dades) i la Llei Org\u00e0nica 3\/18 de 5 de desembre de Protecci\u00f3 de dades Personals i garantia dels drets digitals i una altra normativa d&#8217;aplicaci\u00f3, de la seva pol\u00edtica de protecci\u00f3 de dades personals per tal que aquestes decideixin de forma expressa, lliure i volunt\u00e0ria, facilitar aALATS les dades personals que els s\u00f3n sol\u00b7licitades motivades per la sol\u00b7licitud d&#8217;informaci\u00f3 o per la contractaci\u00f3 dels diversos serveis que s&#8217;ofereixen en l&#8217;\u00e0mbit de la consultoria i l&#8217;assessorament inform\u00e0tic. Llevat que espec\u00edficament s&#8217;estableixi el contrari, es considera necessari completar totes les dades requerides al formulari o impr\u00e8s an\u00e0leg de forma veritable, exacta, completa i actualitzada. En cas contrari,ALATS podr\u00e0, depenent del cas, no procedir al registre de lusuari, o b\u00e9 denegar el servei concret sol\u00b7licitat. Totes les dades facilitades per l&#8217;usuari\/interessat seran tractades atenent les caracter\u00edstiques detallades a continuaci\u00f3.<\/span><\/p><p><span style=\"font-weight: 400;\">Informaci\u00f3 relativa al tractament de les dades personals:<\/span><\/p><p><span style=\"font-weight: 400;\">e)Identificaci\u00f3 del responsable:<\/span><\/p><p><span style=\"font-weight: 400;\">Alats Club Esportiu, amb domicili aCrta. Collblanc, 32 4at. 2a.08903 L&#8217;Hospitalet de Llobregat, amb n\u00famero de NIF: G65307332. Correu electr\u00f2nic de contacte info@alats.eu<\/span><\/p><p><span style=\"font-weight: 400;\">ii)Finalitat del tractament:<\/span><\/p><p><span style=\"font-weight: 400;\">Totes les dades facilitades seran tractades amb les seg\u00fcents finalitats. a) Donar resposta a les peticions realitzades per linteressat. b)Manteniment de la relaci\u00f3 que es pugui arribar a establir. c)Gesti\u00f3, administraci\u00f3, informaci\u00f3, prestaci\u00f3 i millora dels serveis que es decideixin contractar. d)Comunicacions comercials relatives als nostres productes i serveis. Les dades personals proporcionades es conservaran mentre es mantingui la relaci\u00f3 mercantil, l&#8217;interessat no sol\u00b7licite la supressi\u00f3 o siguen necess\u00e0ries per als fins del tractament. No procedir\u00e0 la destrucci\u00f3 de les dades quan hi hagi una previsi\u00f3 legal que exigeixi la seva conservaci\u00f3, cas en qu\u00e8 es procedir\u00e0 al bloqueig de les dades, conservant-se \u00fanicament a disposici\u00f3 de les administracions p\u00fabliques, jutges i tribunals, per l&#8217;atenci\u00f3 de les possibles responsabilitats nascudes del tractament, durant el termini de prescripci\u00f3 de les mateixes. Actualment no es procedeix a realitzar cap tipus de decisions automatitzades, inclosa l&#8217;elaboraci\u00f3 de perfils, en base a les vostres dades personals. En cas que en un futur s&#8217;anessin a realitzar aquestes decisions automatitzades, es demanar\u00e0 el consentiment previ.<\/span><\/p><p><span style=\"font-weight: 400;\">iii)Legitimaci\u00f3 del tractament:<\/span><\/p><p><span style=\"font-weight: 400;\">Tot tractament realitzat sobre les vostres dades personals ha estat consentit per vost\u00e8 de forma pr\u00e8via i expressa. Amb car\u00e0cter previ se l&#8217;informar\u00e0 de tots aquells extrems exigits per la llei perqu\u00e8 pugui prestar un consentiment informat. Podr\u00e0 revocar aquest consentiment en qualsevol moment tal com es detalla m\u00e9s endavant en aquest document.<\/span><\/p><p><span style=\"font-weight: 400;\">iv)Destinataris, cessions i transfer\u00e8ncies de dades:<\/span><\/p><p><span style=\"font-weight: 400;\">Les vostres dades no seran cedides a no ser que sigui indispensable per al compliment de les finalitats anteriorment dites o obligaci\u00f3 legal. Les vostres dades no seran transferides a pa\u00efsos fora de la Uni\u00f3 Europea si no fos indispensable per al compliment dels fins i vost\u00e8 ens autoritzi de forma pr\u00e8via i expressa.<\/span><\/p><p><span style=\"font-weight: 400;\">v)Drets dels interessats:<\/span><\/p><p><span style=\"font-weight: 400;\">Podreu exercitar en qualsevol moment els drets que es detallen a continuaci\u00f3, mitjan\u00e7ant correu postal aALATS, Carrer de Santa Digna, 13, 08720; o mediante correo electr\u00f3nico a info@ALATS.net o mitjan\u00e7ant el seg\u00fcent formulari web www.ALATS.net\/drets. La sol\u00b7licitud haur\u00e0 de contenir el nom, cognoms i la documentaci\u00f3 que acrediti la identitat de l&#8217;interessat o del seu representant legal, aix\u00ed com document acreditatiu de la representaci\u00f3, petici\u00f3 en qu\u00e8 es concreti la sol\u00b7licitud, domicili a l&#8217;efecte de notificacions, data i signatura del sol\u00b7licitant i documents acreditatius de la petici\u00f3 que formula. Si la sol\u00b7licitud no reuneix els requisits especificats se&#8217;n requerir\u00e0 l&#8217;esmena.<\/span><\/p><p><span style=\"font-weight: 400;\">Els drets dels interessats s\u00f3n: dacc\u00e9s, rectificaci\u00f3, limitaci\u00f3, portabilitat, oposici\u00f3 i supressi\u00f3; i la seva definici\u00f3 \u00e9s:<\/span><\/p><p><span style=\"font-weight: 400;\">Dret d&#8217;acc\u00e9s:<\/span><\/p><p><span style=\"font-weight: 400;\">L&#8217;interessat tindr\u00e0 dret a obtenir del responsable del tractament confirmaci\u00f3 de si s&#8217;estan tractant o no dades personals que li concerneixen i, en aquest cas, dret d&#8217;acc\u00e9s a les dades personals ia la informaci\u00f3 seg\u00fcent:<\/span><\/p><ol><li><span style=\"font-weight: 400;\">a) les finalitats del tractament<\/span><\/li><\/ol><ol><li><span style=\"font-weight: 400;\">b) les categories de dades personals que es tractin<\/span><\/li><\/ol><ol><li><span style=\"font-weight: 400;\">c) els destinataris o categories de destinataris als quals s&#8217;han comunicat o seran comunicades les dades personals, en particular destinataris a tercers pa\u00efsos o organitzacions internacionals<\/span><\/li><\/ol><ol><li><span style=\"font-weight: 400;\">d) si \u00e9s possible, el termini previst de conservaci\u00f3 de les dades personals o, si no \u00e9s possible, els criteris utilitzats per determinar aquest termini<\/span><\/li><\/ol><ol><li><span style=\"font-weight: 400;\">f) l&#8217;exist\u00e8ncia del dret a sol\u00b7licitar del responsable la rectificaci\u00f3 o la supressi\u00f3 de dades personals o la limitaci\u00f3 del tractament de dades personals relatives a l&#8217;interessat, oa oposar-se a aquest tractament<\/span><\/li><\/ol><ol><li><span style=\"font-weight: 400;\">g) el dret a presentar una reclamaci\u00f3 davant una autoritat de control<\/span><\/li><\/ol><ol><li><span style=\"font-weight: 400;\">h) quan les dades personals no s&#8217;hagin obtingut de l&#8217;interessat, qualsevol informaci\u00f3 disponible sobre l&#8217;origen<\/span><\/li><\/ol><ol><li><span style=\"font-weight: 400;\">i) l&#8217;exist\u00e8ncia de decisions automatitzades, inclosa l&#8217;elaboraci\u00f3 de perfils, a qu\u00e8 fa refer\u00e8ncia l&#8217;article 22, apartats 1 i 4, i, almenys en aquests casos, informaci\u00f3 significativa sobre la l\u00f2gica aplicada, aix\u00ed com la seva import\u00e0ncia i les conseq\u00fc\u00e8ncies previstes aquest tractament per a l&#8217;interessat.<\/span><\/li><\/ol><p><span style=\"font-weight: 400;\">Quan es transfereixin dades personals a un tercer pa\u00eds oa una organitzaci\u00f3 internacional, l&#8217;interessat t\u00e9 dret a \u00e9sser informat de les garanties adequades en virtut de l&#8217;article 46 relatives a la transfer\u00e8ncia. El responsable del tractament facilitar\u00e0 una c\u00f2pia de les dades personals objecte de tractament. El responsable podr\u00e0 percebre per qualsevol altra c\u00f2pia sol\u00b7licitada per linteressat un c\u00e0non raonable basat en els costos administratius. Quan l&#8217;interessat presenti la sol\u00b7licitud per mitjans electr\u00f2nics, llevat que aquest sol\u00b7liciti que es faciliti altrament, la informaci\u00f3 es facilitar\u00e0 en un format electr\u00f2nic d&#8217;\u00fas com\u00fa.<\/span><\/p><p><span style=\"font-weight: 400;\">Dret de rectificaci\u00f3:<\/span><\/p><p><span style=\"font-weight: 400;\">L&#8217;interessat tindr\u00e0 dret a obtenir sense dilaci\u00f3 indeguda del responsable del tractament la rectificaci\u00f3 de les dades personals inexactes que li concerneixin. Tenint en compte les finalitats del tractament, l&#8217;interessat tindr\u00e0 dret que es completin les dades personals que siguin incompletes, fins i tot mitjan\u00e7ant declaraci\u00f3 addicional.<\/span><\/p><p><span style=\"font-weight: 400;\">Dret de supressi\u00f3:<\/span><\/p><p><span style=\"font-weight: 400;\">L&#8217;interessat tindr\u00e0 dret a obtenir sense dilaci\u00f3 indeguda del responsable del tractament la supressi\u00f3 de les dades personals que li concerneixin, el qual estar\u00e0 obligat a suprimir sense dilaci\u00f3 indeguda les dades personals quan concorri alguna de les circumst\u00e0ncies seg\u00fcents:<\/span><\/p><ol><li><span style=\"font-weight: 400;\">a) les dades personals ja no siguin necess\u00e0ries en relaci\u00f3 amb les finalitats per les quals van ser recollides o tractades altrament<\/span><\/li><\/ol><ol><li><span style=\"font-weight: 400;\">b) l&#8217;interessat retiri el consentiment en qu\u00e8 es basa el tractament de conformitat amb l&#8217;article 6, apartat 1, lletra a), o l&#8217;article 9, apartat 2, lletra a), i aquest no es basa en cap altre fonament jur\u00eddic<\/span><\/li><\/ol><ol><li><span style=\"font-weight: 400;\">c) l&#8217;interessat s&#8217;oposi al tractament d&#8217;acord amb l&#8217;article 21, apartat 1, i no prevalguin altres motius leg\u00edtims per al tractament, o l&#8217;interessat s&#8217;oposi al tractament d&#8217;acord amb l&#8217;article 21, apartat 2<\/span><\/li><\/ol><ol><li><span style=\"font-weight: 400;\">d) les dades personals hagin estat tractades il\u00b7l\u00edcitament<\/span><\/li><\/ol><ol><li><span style=\"font-weight: 400;\">i) les dades personals s&#8217;han de suprimir pel compliment d&#8217;una obligaci\u00f3 legal establerta al dret de la Uni\u00f3 o dels estats membres que s&#8217;apliqui al responsable del tractament<\/span><\/li><\/ol><ol><li><span style=\"font-weight: 400;\">f) les dades personals s&#8217;hagin obtingut en relaci\u00f3 amb l&#8217;oferta de serveis de la societat de la informaci\u00f3 esmentades a l&#8217;article 8, apartat 1.<\/span><\/li><\/ol><p><span style=\"font-weight: 400;\">Quan el responsable hagi fet p\u00fabliques les dades personals de qu\u00e8 l&#8217;interessat ha exercit el seu dret de supressi\u00f3, el responsable haur\u00e0 d&#8217;adoptar, atenent la tecnologia disponible i el cost de la seva aplicaci\u00f3, les mesures raonables per comunicar als tercers que estiguin tractant aquesta informaci\u00f3 de la sol\u00b7licitud de supressi\u00f3 de les dades, aix\u00ed com de qualsevol enlla\u00e7 a aquestes dades o qualsevol c\u00f2pia o r\u00e8plica de les dades.<\/span><\/p><p><span style=\"font-weight: 400;\">Aquest dret es veur\u00e0 limitat per altres drets com el dret a la llibertat dexpressi\u00f3 i informaci\u00f3, pel compliment dalguna obligaci\u00f3 legal, o quan hi hagi raons dinter\u00e8s p\u00fablic.<\/span><\/p><p><span style=\"font-weight: 400;\">Dret a la limitaci\u00f3 del tractament:<\/span><\/p><p><span style=\"font-weight: 400;\">L&#8217;interessat tindr\u00e0 dret a obtenir del responsable del tractament la limitaci\u00f3 del tractament de les dades quan es compleixi alguna de les condicions seg\u00fcents:<\/span><\/p><ol><li><span style=\"font-weight: 400;\">a) l&#8217;interessat impugni l&#8217;exactitud de les dades personals, durant un termini que permeti al responsable verificar-ne l&#8217;exactitud.<\/span><\/li><\/ol><ol><li><span style=\"font-weight: 400;\">b) el tractament sigui il\u00b7l\u00edcit i l&#8217;interessat s&#8217;oposi a la supressi\u00f3 de les dades personals i sol\u00b7liciti al seu lloc la limitaci\u00f3 del seu \u00fas.<\/span><\/li><\/ol><ol><li><span style=\"font-weight: 400;\">c) el responsable ja no necessiti les dades personals per a les finalitats del tractament, per\u00f2 linteressat les necessiti per la formulaci\u00f3, exercici o defensa de reclamacions.<\/span><\/li><\/ol><ol><li><span style=\"font-weight: 400;\">d) l&#8217;interessat s&#8217;hagi oposat al tractament en virtut de l&#8217;article 21, apartat 1, mentre es verifica si els motius leg\u00edtims del responsable prevalen sobre els de l&#8217;interessat.<\/span><\/li><\/ol><p><span style=\"font-weight: 400;\">Quan el tractament de dades personals s&#8217;hagi limitat en virtut de l&#8217;apartat 1, aquestes dades nom\u00e9s poden ser objecte de tractament, a excepci\u00f3 de la seva conservaci\u00f3, amb el consentiment de l&#8217;interessat o per formular-les, l&#8217;exercici o la defensa de reclamacions, o amb la intenci\u00f3 de la protecci\u00f3 dels drets d&#8217;una altra persona f\u00edsica o jur\u00eddica o per raons d&#8217;inter\u00e8s p\u00fablic important de la Uni\u00f3 o d&#8217;un estat membre determinat.<\/span><\/p><p><span style=\"font-weight: 400;\">Tot interessat que hagi obtingut la limitaci\u00f3 del tractament dacord amb lapartat 1 ser\u00e0 informat pel responsable abans de laixecament daquesta limitaci\u00f3.<\/span><\/p><p><span style=\"font-weight: 400;\">Dret d&#8217;oposici\u00f3:<\/span><\/p><p><span style=\"font-weight: 400;\">L&#8217;interessat tindr\u00e0 dret a oposar-se a qualsevol moment, per motius relacionats amb la seva situaci\u00f3 particular, que dades personals que li concerneixin siguin objecte d&#8217;un tractament basat en el que disposa l&#8217;article 6, apartat 1, lletres i) of), inclosa l&#8217;elaboraci\u00f3 de perfils sobre la base d&#8217;aquestes disposicions.<\/span><\/p><p><span style=\"font-weight: 400;\">El responsable del tractament deixar\u00e0 de tractar les dades personals, llevat que acrediti motius leg\u00edtims imperiosos per al tractament que prevalguin sobre els interessos, els drets i les llibertats de l&#8217;interessat, o per la formulaci\u00f3, l&#8217;exercici o la defensa de reclamacions.<\/span><\/p><p><span style=\"font-weight: 400;\">Quan el tractament de dades personals tingui per objecte el m\u00e0rqueting directe, linteressat tindr\u00e0 dret a oposar-se en tot moment al tractament de les dades personals que li concerneixin, inclosa lelaboraci\u00f3 de perfils en la mesura que estigui relacionada amb el m\u00e0rqueting esmentat.<\/span><\/p><p><span style=\"font-weight: 400;\">Quan l&#8217;interessat s&#8217;oposi al tractament amb finalitats de m\u00e0rqueting directe, les dades personals deixaran de ser tractades per a aquests fins.<\/span><\/p><p><span style=\"font-weight: 400;\">Quan les dades personals es tractin amb finalitats de recerca cient\u00edfica o hist\u00f2rica o fins estad\u00edstiques de conformitat amb l&#8217;article 89, apartat 1, l&#8217;interessat t\u00e9 dret, per motius relacionats amb la seva situaci\u00f3 particular, a oposar-se al tractament de dades personals que li concerneixin, llevat que sigui necessari per complir una missi\u00f3 realitzada per raons d&#8217;inter\u00e8s p\u00fablic.<\/span><\/p><p><span style=\"font-weight: 400;\">Dret de portabilitat de dades:<\/span><\/p><p><span style=\"font-weight: 400;\">L&#8217;interessat tindr\u00e0 dret a rebre les dades personals que l&#8217;afectin, que hagi facilitat a un responsable del tractament, en un format estructurat, d&#8217;\u00fas com\u00fa i lectura mec\u00e0nica, ia transmetre&#8217;ls a un altre responsable del tractament sense que ho impedeixi el responsable a qui hauria facilitat, quan:<\/span><\/p><ol><li><span style=\"font-weight: 400;\">a) el tractament estigui basat en el consentiment d&#8217;acord amb l&#8217;article 6, apartat 1, lletra a), o l&#8217;article 9, apartat 2, lletra a), o en un contracte d&#8217;acord amb l&#8217;article 6, apartat 1, lletra b) , i<\/span><\/li><\/ol><ol><li><span style=\"font-weight: 400;\">b) el tractament s&#8217;efectu\u00ef per mitjans automatitzats.<\/span><\/li><\/ol><ol start=\"2\"><li><span style=\"font-weight: 400;\"> En exercir el dret a la portabilitat de les dades d&#8217;acord amb l&#8217;apartat 1, l&#8217;interessat t\u00e9 dret que les dades personals es transmetin directament de responsable a responsable quan sigui t\u00e8cnicament possible.<\/span><\/li><\/ol><p><span style=\"font-weight: 400;\">L&#8217;exercici del dret esmentat a l&#8217;apartat 1 del present article s&#8217;entendr\u00e0 sense perjudici de l&#8217;article 17. Aquest dret no \u00e9s aplicable al tractament que sigui necessari per al compliment d&#8217;una missi\u00f3 realitzada en inter\u00e8s p\u00fablic o en l&#8217;exercici de poders p\u00fablics conferits al responsable del tractament.<\/span><\/p><p><span style=\"font-weight: 400;\">El responsable del tractament comunicar\u00e0 qualsevol rectificaci\u00f3 o supressi\u00f3 de dades personals o limitaci\u00f3 del tractament efectuada d&#8217;acord amb l&#8217;article 16, l&#8217;article 17, apartat 1, i l&#8217;article 18 a cadascun dels destinataris als quals s&#8217;hagin comunicat les dades personals, llevat que sigui impossible o exigeixi un esfor\u00e7 desproporcionat. El responsable informar\u00e0 linteressat sobre aquests destinataris, si aquest aix\u00ed ho sol\u00b7licita.<\/span><\/p><p><span style=\"font-weight: 400;\">vi)Revocaci\u00f3 del consentiment :<\/span><\/p><p><span style=\"font-weight: 400;\">L&#8217;interessat, que en el seu moment hagu\u00e9s atorgat el consentiment per tractar les dades personals, podr\u00e0 igualment retirar-lo amb la mateixa facilitat. La retirada del consentiment no suposar\u00e0 la il\u00b7licitud del tractament efectuat amb anterioritat.<\/span><\/p><p><span style=\"font-weight: 400;\">Linteressat tindr\u00e0 dret a presentar una reclamaci\u00f3 davant lAutoritat de Control competent.<\/span><\/p><p><span style=\"font-weight: 400;\">Quan les dades personals siguin tractades amb posterioritat amb finalitats diferents, el responsable informar\u00e0 l&#8217;interessat de tal extrem.<\/span><\/p><p><span style=\"font-weight: 400;\">v.ii)Mesures de seguretat :<\/span><\/p><p><span style=\"font-weight: 400;\">El Responsable del Tractament manifesta que ha adoptat les mesures d&#8217;\u00edndole t\u00e8cnica i organitzativa necess\u00e0ries per garantir la seguretat de les dades i evitar la seva alteraci\u00f3, p\u00e8rdua, tractament o acc\u00e9s no autoritzat, tenint en compte l&#8217;estat de la tecnologia, la naturalesa de les dades emmagatzemades i els riscos a qu\u00e8 es troben exposats, provinguin ja de l&#8217;acci\u00f3 humana o del medi f\u00edsic o natural.<\/span><\/p><p><span style=\"font-weight: 400;\">La web www.ALATS.net cont\u00e9 enlla\u00e7os a altres p\u00e0gines web que puguin ser interessants per als usuaris.ALATS no assumeix cap responsabilitat sobre aquests enlla\u00e7os, sense que es pugui donar cap garantia en el compliment de pol\u00edtiques de privadesa adequades, per la qual cosa l&#8217;usuari accedeix al contingut de les p\u00e0gines web esmentades en les condicions d&#8217;\u00fas que s&#8217;hi fixin i sota la seva exclusiva responsabilitat.<\/span><\/p><p><span style=\"font-weight: 400;\">Si teniu algun dubte, q\u00fcesti\u00f3 o recomanaci\u00f3 sobre la nostra Pol\u00edtica de Privadesa, podeu adre\u00e7ar-vos a trav\u00e9s de correu electr\u00f2nic a la seg\u00fcent adre\u00e7a: info@alats.net<\/span><\/p><p><span style=\"font-weight: 400;\">ALATS<\/span><\/p>\t\t\t\t\t\t<\/div>\n\t\t\t\t<\/div>\n\t\t\t\t<\/div>\n\t\t\t\t\t<\/div>\n\t\t\t\t<\/div>\n\t\t\t\t\t\t\t<\/div>\n\t\t","protected":false},"excerpt":{"rendered":"<p>A trav\u00e9s del present av\u00eds, Alats Club Esportiu (d&#8217;ara endavant \u201cALATS\u201d), informa els usuaris de la Web www.alats.eu, en compliment del Reglament (UE) 2016\/679 del Parlament Europeu i del Consell, de 27 d&#8217;abril de 2016 (Reglament General de Protecci\u00f3 de Dades) i la Llei Org\u00e0nica 3\/18 de 5 de desembre de Protecci\u00f3 de dades Personals [&hellip;]<\/p>\n","protected":false},"author":1,"featured_media":0,"parent":0,"menu_order":0,"comment_status":"closed","ping_status":"open","template":"","meta":{"footnotes":""},"class_list":["post-3","page","type-page","status-publish","hentry"],"_links":{"self":[{"href":"https:\/\/alats.eu\/index.php?rest_route=\/wp\/v2\/pages\/3","targetHints":{"allow":["GET"]}}],"collection":[{"href":"https:\/\/alats.eu\/index.php?rest_route=\/wp\/v2\/pages"}],"about":[{"href":"https:\/\/alats.eu\/index.php?rest_route=\/wp\/v2\/types\/page"}],"author":[{"embeddable":true,"href":"https:\/\/alats.eu\/index.php?rest_route=\/wp\/v2\/users\/1"}],"replies":[{"embeddable":true,"href":"https:\/\/alats.eu\/index.php?rest_route=%2Fwp%2Fv2%2Fcomments&post=3"}],"version-history":[{"count":13,"href":"https:\/\/alats.eu\/index.php?rest_route=\/wp\/v2\/pages\/3\/revisions"}],"predecessor-version":[{"id":350,"href":"https:\/\/alats.eu\/index.php?rest_route=\/wp\/v2\/pages\/3\/revisions\/350"}],"wp:attachment":[{"href":"https:\/\/alats.eu\/index.php?rest_route=%2Fwp%2Fv2%2Fmedia&parent=3"}],"curies":[{"name":"wp","href":"https:\/\/api.w.org\/{rel}","templated":true}]}}